{"id":267,"date":"2021-10-05T21:40:49","date_gmt":"2021-10-05T21:40:49","guid":{"rendered":"https:\/\/nazarenovalencia.es\/?page_id=267"},"modified":"2022-01-28T00:25:07","modified_gmt":"2022-01-28T00:25:07","slug":"miembros","status":"publish","type":"page","link":"https:\/\/nazarenovalencia.es\/va\/miembros\/","title":{"rendered":"Membres"},"content":{"rendered":"<h1 style=\"text-align: center;\"><span style=\"color: #800000;\"><b>Penitente adulto \/ Vesta<\/b><\/span><\/h1>\n<p style=\"font-weight: 400;\"><img loading=\"lazy\" decoding=\"async\" class=\" alignleft\" src=\"https:\/\/www.semanasantamarinera.org\/wp-content\/uploads\/13-vestimenta.png\" width=\"124\" height=\"362\" \/><\/p>\n<p style=\"font-weight: 400;\">Visten el h\u00e1bito de la Hermandad en las procesiones y dem\u00e1s actos lit\u00fargicos, compuesto de: t\u00fanica de terciopelo morado con ribetes en la bocamanga morados y oro y botones morados, ce\u00f1ida la cintura por un c\u00edngulo de oro y seda morada, capirote o montera de igual material que la t\u00fanica y en la que, enmarcado por una corona de espinas, llevara el Divino Rostro del Titular en su parte delantera; capa de raso blanco con el anagrama de la Hermandad (Corona de espinas con el nombre de Jes\u00fas en su interior, con una lanza y ca\u00f1a con esponja cruzadas) bordado sobre el lado izquierdo; sandalias negras y calcetines blancos; guantes blancos y bord\u00f3n met\u00e1lico rematada por el mismo anagrama de la capa. Pendiente del cuello y sobre el pecho llevar\u00e1 el cord\u00f3n con la medalla distintivo de la Hermandad de Nuestro Padre Jes\u00fas Nazareno.<\/p>\n<p style=\"font-weight: 400;\">Se vestir\u00e1 h\u00e1bito completo con capa y capucha en todas las procesiones que, con motivo de la Semana Santa, celebre o participe la Hermandad hasta la tarde del Jueves Santo inclusive. No se volver\u00e1 a usar capa blanca hasta el \u201ctoque de gloria\u201d de la Misa de Resurrecci\u00f3n en que, como s\u00edmbolo de alegr\u00eda de la Pascua, pender\u00e1 de los hombros de los hermanos y en el resto de procesiones hasta el fin de la Semana Santa.<\/p>\n<p style=\"font-weight: 400;\">Los d\u00edas de Jueves Santo por la noche, Viernes Santo y S\u00e1bado Santo hasta el \u201ctoque de gloria\u201d el h\u00e1bito se lucir\u00e1 sin capa.<\/p>\n<p style=\"font-weight: 400;\">El Domingo de Ramos, en la celebraci\u00f3n lit\u00fargica correspondiente y, si se procesionase, en la ma\u00f1ana del Domingo de Pascua, se har\u00e1 sin capucha o capirote.<\/p>\n<p>&nbsp;<\/p>\n<p>&nbsp;<\/p>\n<p style=\"text-align: center;\"><div  id=\"jtg-270\" class=\"modula modula-gallery modula-custom-grid\" data-config=\"{&quot;height&quot;:800,&quot;tabletHeight&quot;:800,&quot;mobileHeight&quot;:800,&quot;desktopHeight&quot;:800,&quot;enableTwitter&quot;:false,&quot;enableWhatsapp&quot;:false,&quot;enableFacebook&quot;:false,&quot;enablePinterest&quot;:false,&quot;enableLinkedin&quot;:false,&quot;enableEmail&quot;:false,&quot;randomFactor&quot;:0.5,&quot;type&quot;:&quot;custom-grid&quot;,&quot;columns&quot;:12,&quot;gutter&quot;:10,&quot;mobileGutter&quot;:10,&quot;tabletGutter&quot;:10,&quot;desktopGutter&quot;:10,&quot;enableResponsive&quot;:&quot;0&quot;,&quot;tabletColumns&quot;:&quot;2&quot;,&quot;mobileColumns&quot;:&quot;1&quot;,&quot;lazyLoad&quot;:0,&quot;lightboxOpts&quot;:{&quot;animated&quot;:true,&quot;Thumbs&quot;:{&quot;type&quot;:&quot;modern&quot;,&quot;showOnStart&quot;:false},&quot;Toolbar&quot;:{&quot;display&quot;:{&quot;right&quot;:[&quot;close&quot;]},&quot;enabled&quot;:true},&quot;Carousel&quot;:{&quot;Panzoom&quot;:{&quot;touch&quot;:true},&quot;infinite&quot;:false},&quot;keyboard&quot;:{&quot;Escape&quot;:&quot;close&quot;,&quot;Delete&quot;:&quot;close&quot;,&quot;Backspace&quot;:&quot;close&quot;,&quot;PageUp&quot;:false,&quot;PageDown&quot;:false,&quot;ArrowUp&quot;:false,&quot;ArrowDown&quot;:false,&quot;ArrowRight&quot;:false,&quot;ArrowLeft&quot;:false},&quot;touch&quot;:false,&quot;backdropClick&quot;:false,&quot;l10n&quot;:{&quot;CLOSE&quot;:&quot;Close&quot;,&quot;NEXT&quot;:&quot;Next&quot;,&quot;PREV&quot;:&quot;Previous&quot;,&quot;Error&quot;:&quot;The requested content cannot be loaded. Please try again later.&quot;,&quot;PLAY_START&quot;:&quot;Start slideshow&quot;,&quot;PLAY_STOP&quot;:&quot;Pause slideshow&quot;,&quot;FULL_SCREEN&quot;:&quot;Full screen&quot;,&quot;THUMBS&quot;:&quot;Thumbnails&quot;,&quot;DOWNLOAD&quot;:&quot;Download&quot;,&quot;SHARE&quot;:&quot;Share&quot;,&quot;ZOOM&quot;:&quot;Zoom&quot;,&quot;EMAIL&quot;:&quot;Here is the link to the image : %%image_link%% and this is the link to the gallery : %%gallery_link%%&quot;,&quot;MODAL&quot;:&quot;You can close this modal content with the ESC key&quot;,&quot;ERROR&quot;:&quot;Something Went Wrong, Please Try Again Later&quot;,&quot;IMAGE_ERROR&quot;:&quot;Image Not Found&quot;,&quot;ELEMENT_NOT_FOUND&quot;:&quot;HTML Element Not Found&quot;,&quot;AJAX_NOT_FOUND&quot;:&quot;Error Loading AJAX : Not Found&quot;,&quot;AJAX_FORBIDDEN&quot;:&quot;Error Loading AJAX : Forbidden&quot;,&quot;IFRAME_ERROR&quot;:&quot;Error Loading Page&quot;,&quot;TOGGLE_ZOOM&quot;:&quot;Toggle zoom level&quot;,&quot;TOGGLE_THUMBS&quot;:&quot;Toggle thumbnails&quot;,&quot;TOGGLE_SLIDESHOW&quot;:&quot;Toggle slideshow&quot;,&quot;TOGGLE_FULLSCREEN&quot;:&quot;Toggle full-screen mode&quot;},&quot;Images&quot;:{&quot;Panzoom&quot;:{&quot;maxScale&quot;:2}},&quot;mainClass&quot;:&quot;modula-fancybox-container modula-lightbox-jtg-270&quot;,&quot;Html&quot;:{&quot;videoAutoplay&quot;:0,&quot;videoTpl&quot;:&quot;&lt;video class=\\&quot;fancybox__html5video\\&quot; controls muted playsinline controlsList controlsList=\\&quot;nodownload\\&quot; poster=\\&quot;{{poster}}\\&quot; src=\\&quot;{{src}}\\&quot; type=\\&quot;{{format}}\\&quot; &gt;  Sorry, your browser doesn&#039;t support embedded videos, &lt;a href=\\&quot;{{src}}\\&quot;&gt; download &lt;\\\/a&gt; and watch with your favorite video player! &lt;\\\/video&gt;&quot;}},&quot;inView&quot;:false,&quot;email_subject&quot;:&quot;Check out this awesome image !!&quot;,&quot;email_message&quot;:&quot;Here is the link to the image : %%image_link%% and this is the link to the gallery : %%gallery_link%%&quot;,&quot;lightbox&quot;:&quot;fancybox&quot;}\">\n\n\t\n\t<div  class=\"modula-items\">\n\t\t<div class=\"modula-item effect-pufrobo\" data-width=\"2\" data-height=\"2\" >\n\t<div class=\"modula-item-overlay\"><\/div>\n\n\t<div class=\"modula-item-content\">\n\n\t\t<a data-image-id=\"274\" role=\"button\" tabindex=\"0\" rel=\"jtg-270\" data-caption=\"\" aria-label=\"Open image in lightbox\" class=\"tile-inner modula-item-link\"><\/a><img loading=\"lazy\" decoding=\"async\" class=\"pic wp-image-274\"  data-valign=\"middle\" data-halign=\"center\" alt=\"\" data-full=\"https:\/\/nazarenovalencia.es\/wp-content\/uploads\/2021\/10\/IMG_4680.jpg\" title=\"IMG_4680\" crop=\"\" width=\"200\" height=\"300\" src=\"https:\/\/nazarenovalencia.es\/wp-content\/uploads\/2021\/10\/IMG_4680-200x300.jpg\" data-src=\"https:\/\/nazarenovalencia.es\/wp-content\/uploads\/2021\/10\/IMG_4680-200x300.jpg\" data-caption=\"\" srcset=\"https:\/\/nazarenovalencia.es\/wp-content\/uploads\/2021\/10\/IMG_4680.jpg 848w, https:\/\/nazarenovalencia.es\/wp-content\/uploads\/2021\/10\/IMG_4680-200x300.jpg 200w, https:\/\/nazarenovalencia.es\/wp-content\/uploads\/2021\/10\/IMG_4680-683x1024.jpg 683w, https:\/\/nazarenovalencia.es\/wp-content\/uploads\/2021\/10\/IMG_4680-768x1152.jpg 768w\" sizes=\"auto, (max-width: 200px) 100vw, 200px\" \/>\n\t\t<div class=\"figc no-description\">\n\t\t\t<div class=\"figc-inner\">\n\t\t\t\t\t\t\t\t\t\t\t\t\t\t\t<\/div>\n\t\t<\/div>\n\n\t<\/div>\n\n<\/div><div class=\"modula-item effect-pufrobo\" data-width=\"2\" data-height=\"2\" >\n\t<div class=\"modula-item-overlay\"><\/div>\n\n\t<div class=\"modula-item-content\">\n\n\t\t<a data-image-id=\"275\" role=\"button\" tabindex=\"0\" rel=\"jtg-270\" data-caption=\"\" aria-label=\"Open image in lightbox\" class=\"tile-inner modula-item-link\"><\/a><img loading=\"lazy\" decoding=\"async\" class=\"pic wp-image-275\"  data-valign=\"middle\" data-halign=\"center\" alt=\"\" data-full=\"https:\/\/nazarenovalencia.es\/wp-content\/uploads\/2021\/10\/IMG_4468.jpg\" title=\"IMG_4468\" crop=\"\" width=\"300\" height=\"200\" src=\"https:\/\/nazarenovalencia.es\/wp-content\/uploads\/2021\/10\/IMG_4468-300x200.jpg\" data-src=\"https:\/\/nazarenovalencia.es\/wp-content\/uploads\/2021\/10\/IMG_4468-300x200.jpg\" data-caption=\"\" srcset=\"https:\/\/nazarenovalencia.es\/wp-content\/uploads\/2021\/10\/IMG_4468.jpg 1994w, https:\/\/nazarenovalencia.es\/wp-content\/uploads\/2021\/10\/IMG_4468-300x200.jpg 300w, https:\/\/nazarenovalencia.es\/wp-content\/uploads\/2021\/10\/IMG_4468-1024x682.jpg 1024w, https:\/\/nazarenovalencia.es\/wp-content\/uploads\/2021\/10\/IMG_4468-768x512.jpg 768w, https:\/\/nazarenovalencia.es\/wp-content\/uploads\/2021\/10\/IMG_4468-1536x1024.jpg 1536w, https:\/\/nazarenovalencia.es\/wp-content\/uploads\/2021\/10\/IMG_4468-272x182.jpg 272w\" sizes=\"auto, (max-width: 300px) 100vw, 300px\" \/>\n\t\t<div class=\"figc no-description\">\n\t\t\t<div class=\"figc-inner\">\n\t\t\t\t\t\t\t\t\t\t\t\t\t\t\t<\/div>\n\t\t<\/div>\n\n\t<\/div>\n\n<\/div><div class=\"modula-item effect-pufrobo\" data-width=\"4\" data-height=\"2\" >\n\t<div class=\"modula-item-overlay\"><\/div>\n\n\t<div class=\"modula-item-content\">\n\n\t\t<a data-image-id=\"276\" role=\"button\" tabindex=\"0\" rel=\"jtg-270\" data-caption=\"\" aria-label=\"Open image in lightbox\" class=\"tile-inner modula-item-link\"><\/a><img loading=\"lazy\" decoding=\"async\" class=\"pic wp-image-276\"  data-valign=\"middle\" data-halign=\"center\" alt=\"\" data-full=\"https:\/\/nazarenovalencia.es\/wp-content\/uploads\/2021\/10\/IMG_3768.CR2_.jpg\" title=\"IMG_3768.CR2\" crop=\"\" width=\"300\" height=\"200\" src=\"https:\/\/nazarenovalencia.es\/wp-content\/uploads\/2021\/10\/IMG_3768.CR2_-300x200.jpg\" data-src=\"https:\/\/nazarenovalencia.es\/wp-content\/uploads\/2021\/10\/IMG_3768.CR2_-300x200.jpg\" data-caption=\"\" srcset=\"https:\/\/nazarenovalencia.es\/wp-content\/uploads\/2021\/10\/IMG_3768.CR2_.jpg 1908w, https:\/\/nazarenovalencia.es\/wp-content\/uploads\/2021\/10\/IMG_3768.CR2_-300x200.jpg 300w, https:\/\/nazarenovalencia.es\/wp-content\/uploads\/2021\/10\/IMG_3768.CR2_-1024x683.jpg 1024w, https:\/\/nazarenovalencia.es\/wp-content\/uploads\/2021\/10\/IMG_3768.CR2_-768x512.jpg 768w, https:\/\/nazarenovalencia.es\/wp-content\/uploads\/2021\/10\/IMG_3768.CR2_-1536x1024.jpg 1536w, https:\/\/nazarenovalencia.es\/wp-content\/uploads\/2021\/10\/IMG_3768.CR2_-272x182.jpg 272w\" sizes=\"auto, (max-width: 300px) 100vw, 300px\" \/>\n\t\t<div class=\"figc no-description\">\n\t\t\t<div class=\"figc-inner\">\n\t\t\t\t\t\t\t\t\t\t\t\t\t\t\t<\/div>\n\t\t<\/div>\n\n\t<\/div>\n\n<\/div><div class=\"modula-item effect-pufrobo\" data-width=\"2\" data-height=\"2\" >\n\t<div class=\"modula-item-overlay\"><\/div>\n\n\t<div class=\"modula-item-content\">\n\n\t\t<a data-image-id=\"273\" role=\"button\" tabindex=\"0\" rel=\"jtg-270\" data-caption=\"\" aria-label=\"Open image in lightbox\" class=\"tile-inner modula-item-link\"><\/a><img loading=\"lazy\" decoding=\"async\" class=\"pic wp-image-273\"  data-valign=\"middle\" data-halign=\"center\" alt=\"\" data-full=\"https:\/\/nazarenovalencia.es\/wp-content\/uploads\/2021\/10\/IMG_7429.jpg\" title=\"IMG_7429\" crop=\"\" width=\"300\" height=\"200\" src=\"https:\/\/nazarenovalencia.es\/wp-content\/uploads\/2021\/10\/IMG_7429-300x200.jpg\" data-src=\"https:\/\/nazarenovalencia.es\/wp-content\/uploads\/2021\/10\/IMG_7429-300x200.jpg\" data-caption=\"\" srcset=\"https:\/\/nazarenovalencia.es\/wp-content\/uploads\/2021\/10\/IMG_7429.jpg 1908w, https:\/\/nazarenovalencia.es\/wp-content\/uploads\/2021\/10\/IMG_7429-300x200.jpg 300w, https:\/\/nazarenovalencia.es\/wp-content\/uploads\/2021\/10\/IMG_7429-1024x683.jpg 1024w, https:\/\/nazarenovalencia.es\/wp-content\/uploads\/2021\/10\/IMG_7429-768x512.jpg 768w, https:\/\/nazarenovalencia.es\/wp-content\/uploads\/2021\/10\/IMG_7429-1536x1024.jpg 1536w, https:\/\/nazarenovalencia.es\/wp-content\/uploads\/2021\/10\/IMG_7429-272x182.jpg 272w\" sizes=\"auto, (max-width: 300px) 100vw, 300px\" \/>\n\t\t<div class=\"figc no-description\">\n\t\t\t<div class=\"figc-inner\">\n\t\t\t\t\t\t\t\t\t\t\t\t\t\t\t<\/div>\n\t\t<\/div>\n\n\t<\/div>\n\n<\/div><div class=\"modula-item effect-pufrobo\" data-width=\"2\" data-height=\"2\" >\n\t<div class=\"modula-item-overlay\"><\/div>\n\n\t<div class=\"modula-item-content\">\n\n\t\t<a data-image-id=\"272\" role=\"button\" tabindex=\"0\" rel=\"jtg-270\" data-caption=\"\" aria-label=\"Open image in lightbox\" class=\"tile-inner modula-item-link\"><\/a><img loading=\"lazy\" decoding=\"async\" class=\"pic wp-image-272\"  data-valign=\"middle\" data-halign=\"center\" alt=\"\" data-full=\"https:\/\/nazarenovalencia.es\/wp-content\/uploads\/2021\/10\/IMG_7412.jpg\" title=\"IMG_7412\" crop=\"\" width=\"300\" height=\"200\" src=\"https:\/\/nazarenovalencia.es\/wp-content\/uploads\/2021\/10\/IMG_7412-300x200.jpg\" data-src=\"https:\/\/nazarenovalencia.es\/wp-content\/uploads\/2021\/10\/IMG_7412-300x200.jpg\" data-caption=\"\" srcset=\"https:\/\/nazarenovalencia.es\/wp-content\/uploads\/2021\/10\/IMG_7412.jpg 1908w, https:\/\/nazarenovalencia.es\/wp-content\/uploads\/2021\/10\/IMG_7412-300x200.jpg 300w, https:\/\/nazarenovalencia.es\/wp-content\/uploads\/2021\/10\/IMG_7412-1024x683.jpg 1024w, https:\/\/nazarenovalencia.es\/wp-content\/uploads\/2021\/10\/IMG_7412-768x512.jpg 768w, https:\/\/nazarenovalencia.es\/wp-content\/uploads\/2021\/10\/IMG_7412-1536x1024.jpg 1536w, https:\/\/nazarenovalencia.es\/wp-content\/uploads\/2021\/10\/IMG_7412-272x182.jpg 272w\" sizes=\"auto, (max-width: 300px) 100vw, 300px\" \/>\n\t\t<div class=\"figc no-description\">\n\t\t\t<div class=\"figc-inner\">\n\t\t\t\t\t\t\t\t\t\t\t\t\t\t\t<\/div>\n\t\t<\/div>\n\n\t<\/div>\n\n<\/div>\t\t\n\t<\/div>\n\n\t\n\t\n\t<script type=\"application\/ld+json\">\n\t{\n\t\t\"@context\": \"http:\/\/schema.org\",\n\t\t\"@type\"   : \"ImageGallery\",\n\t\t\"id\"      : \"https:\/\/nazarenovalencia.es\/va\/miembros\/\",\n\t\t\"url\"     : \"https:\/\/nazarenovalencia.es\/va\/miembros\/\"\n\t}\n\n\t<\/script>\n\n\t\n<\/div>\n<\/p>\n<p>&nbsp;<\/p>\n<hr \/>\n<h1 style=\"text-align: center;\"><span style=\"color: #800000;\"><b>Personajes b\u00edblicos<\/b><\/span><\/h1>\n<p>&nbsp;<\/p>\n<p><img loading=\"lazy\" decoding=\"async\" class=\" alignleft\" src=\"https:\/\/1.bp.blogspot.com\/-VmfyuvAOmoI\/U5QM3lo1kcI\/AAAAAAAAHnQ\/jeBtx5jmK4w\/s1600\/DSCN3640.JPG\" width=\"391\" height=\"293\" \/><strong>Tres Mar\u00edas<\/strong><\/p>\n<ul>\n<li>Virgen Maria<\/li>\n<li>Mar\u00eda de Cleof\u00e1s<\/li>\n<li>Maria Magdalena<\/li>\n<\/ul>\n<p>&nbsp;<\/p>\n<p>&nbsp;<\/p>\n<p>&nbsp;<\/p>\n<p>&nbsp;<\/p>\n<p>&nbsp;<\/p>\n<p>&nbsp;<\/p>\n<p><img loading=\"lazy\" decoding=\"async\" class=\" alignleft\" src=\"https:\/\/1.bp.blogspot.com\/-pC4_mYBBGcU\/U5QKn3beZgI\/AAAAAAAAHlo\/epgkSSjcr1Y\/s1600\/DSCN3622.JPG\" width=\"391\" height=\"293\" \/><strong>Ver\u00f3nica<\/strong><\/p>\n<p>&nbsp;<\/p>\n<p>&nbsp;<\/p>\n<p>&nbsp;<\/p>\n<p>&nbsp;<\/p>\n<p>&nbsp;<\/p>\n<p>&nbsp;<\/p>\n<p>&nbsp;<\/p>\n<p>&nbsp;<\/p>\n<p>Ambos grupos procesionan siempre que la Hermandad lo haga, excepto en la madrugada del Viernes Santo en la procesi\u00f3n del Silencio donde no salen dichos personajes.<\/p>\n<p>En la procesi\u00f3n del Sudario (tarde del s\u00e1bado santo), los personajes son:<\/p>\n<ul>\n<li>Mar\u00eda Magdalena (abriendo la procesi\u00f3n, siendo representada por el personaje de la Ver\u00f3nica)<\/li>\n<li>Tres Mar\u00edas\n<ul>\n<li>Virgen Mar\u00eda<\/li>\n<li>Maria de Cleof\u00e1s<\/li>\n<li>Mar\u00eda Salom\u00e9<\/li>\n<\/ul>\n<\/li>\n<\/ul>\n<p>&nbsp;<\/p>\n<p><em><strong>La edad m\u00ednima para representar los personajes es de doce a\u00f1os a d\u00eda 1 de Mayo del inicio del ejercicio<\/strong><\/em><\/p>\n<p>&nbsp;<\/p>\n<p>&nbsp;<\/p>\n<hr \/>\n<h1 style=\"text-align: center;\"><span style=\"color: #800000;\"><b>Pueblo Hebreo<\/b><\/span><\/h1>\n<div>La justificaci\u00f3n de admitir este grupo de personas se encuentra en el evangelio de Lucas cuando narra el Camino al G\u00f3lgota, en Lucas 23, 27 \u201cLe segu\u00eda una gran muchedumbre del pueblo y de mujeres\u201d, por lo que a\u00f1adimos este personaje a nuestra hermandad<\/div>\n<div><\/div>\n<div>El n\u00famero total no ser\u00e1 superior a ocho, portaran vestidos sobrios y acordes con el personaje, el grupo podr\u00e1 estar formado, tanto por mujeres, hombres o ni\u00f1os.<\/div>\n<div><\/div>\n<div>No procesionando en la Procesi\u00f3n del Silencio (madrugada del Viernes Santo) y en la Procesi\u00f3n del Sudario (noche del S\u00e1bado Santo).<\/div>\n<div><\/div>\n<div><div  id=\"jtg-286\" class=\"modula modula-gallery modula-custom-grid\" data-config=\"{&quot;height&quot;:800,&quot;tabletHeight&quot;:800,&quot;mobileHeight&quot;:800,&quot;desktopHeight&quot;:800,&quot;enableTwitter&quot;:false,&quot;enableWhatsapp&quot;:false,&quot;enableFacebook&quot;:false,&quot;enablePinterest&quot;:false,&quot;enableLinkedin&quot;:false,&quot;enableEmail&quot;:false,&quot;randomFactor&quot;:0.5,&quot;type&quot;:&quot;custom-grid&quot;,&quot;columns&quot;:12,&quot;gutter&quot;:10,&quot;mobileGutter&quot;:10,&quot;tabletGutter&quot;:10,&quot;desktopGutter&quot;:10,&quot;enableResponsive&quot;:&quot;0&quot;,&quot;tabletColumns&quot;:&quot;2&quot;,&quot;mobileColumns&quot;:&quot;1&quot;,&quot;lazyLoad&quot;:0,&quot;lightboxOpts&quot;:{&quot;animated&quot;:true,&quot;Thumbs&quot;:{&quot;type&quot;:&quot;modern&quot;,&quot;showOnStart&quot;:false},&quot;Toolbar&quot;:{&quot;display&quot;:{&quot;right&quot;:[&quot;close&quot;]},&quot;enabled&quot;:true},&quot;Carousel&quot;:{&quot;Panzoom&quot;:{&quot;touch&quot;:true},&quot;infinite&quot;:false},&quot;keyboard&quot;:{&quot;Escape&quot;:&quot;close&quot;,&quot;Delete&quot;:&quot;close&quot;,&quot;Backspace&quot;:&quot;close&quot;,&quot;PageUp&quot;:false,&quot;PageDown&quot;:false,&quot;ArrowUp&quot;:false,&quot;ArrowDown&quot;:false,&quot;ArrowRight&quot;:false,&quot;ArrowLeft&quot;:false},&quot;touch&quot;:false,&quot;backdropClick&quot;:false,&quot;l10n&quot;:{&quot;CLOSE&quot;:&quot;Close&quot;,&quot;NEXT&quot;:&quot;Next&quot;,&quot;PREV&quot;:&quot;Previous&quot;,&quot;Error&quot;:&quot;The requested content cannot be loaded. Please try again later.&quot;,&quot;PLAY_START&quot;:&quot;Start slideshow&quot;,&quot;PLAY_STOP&quot;:&quot;Pause slideshow&quot;,&quot;FULL_SCREEN&quot;:&quot;Full screen&quot;,&quot;THUMBS&quot;:&quot;Thumbnails&quot;,&quot;DOWNLOAD&quot;:&quot;Download&quot;,&quot;SHARE&quot;:&quot;Share&quot;,&quot;ZOOM&quot;:&quot;Zoom&quot;,&quot;EMAIL&quot;:&quot;Here is the link to the image : %%image_link%% and this is the link to the gallery : %%gallery_link%%&quot;,&quot;MODAL&quot;:&quot;You can close this modal content with the ESC key&quot;,&quot;ERROR&quot;:&quot;Something Went Wrong, Please Try Again Later&quot;,&quot;IMAGE_ERROR&quot;:&quot;Image Not Found&quot;,&quot;ELEMENT_NOT_FOUND&quot;:&quot;HTML Element Not Found&quot;,&quot;AJAX_NOT_FOUND&quot;:&quot;Error Loading AJAX : Not Found&quot;,&quot;AJAX_FORBIDDEN&quot;:&quot;Error Loading AJAX : Forbidden&quot;,&quot;IFRAME_ERROR&quot;:&quot;Error Loading Page&quot;,&quot;TOGGLE_ZOOM&quot;:&quot;Toggle zoom level&quot;,&quot;TOGGLE_THUMBS&quot;:&quot;Toggle thumbnails&quot;,&quot;TOGGLE_SLIDESHOW&quot;:&quot;Toggle slideshow&quot;,&quot;TOGGLE_FULLSCREEN&quot;:&quot;Toggle full-screen mode&quot;},&quot;Images&quot;:{&quot;Panzoom&quot;:{&quot;maxScale&quot;:2}},&quot;mainClass&quot;:&quot;modula-fancybox-container modula-lightbox-jtg-286&quot;,&quot;Html&quot;:{&quot;videoAutoplay&quot;:0,&quot;videoTpl&quot;:&quot;&lt;video class=\\&quot;fancybox__html5video\\&quot; controls muted playsinline controlsList controlsList=\\&quot;nodownload\\&quot; poster=\\&quot;{{poster}}\\&quot; src=\\&quot;{{src}}\\&quot; type=\\&quot;{{format}}\\&quot; &gt;  Sorry, your browser doesn&#039;t support embedded videos, &lt;a href=\\&quot;{{src}}\\&quot;&gt; download &lt;\\\/a&gt; and watch with your favorite video player! &lt;\\\/video&gt;&quot;}},&quot;inView&quot;:false,&quot;email_subject&quot;:&quot;Check out this awesome image !!&quot;,&quot;email_message&quot;:&quot;Here is the link to the image : %%image_link%% and this is the link to the gallery : %%gallery_link%%&quot;,&quot;lightbox&quot;:&quot;fancybox&quot;}\">\n\n\t\n\t<div  class=\"modula-items\">\n\t\t<div class=\"modula-item effect-pufrobo\" data-width=\"4\" data-height=\"3\" >\n\t<div class=\"modula-item-overlay\"><\/div>\n\n\t<div class=\"modula-item-content\">\n\n\t\t<a data-image-id=\"287\" role=\"button\" tabindex=\"0\" rel=\"jtg-286\" data-caption=\"\" aria-label=\"Open image in lightbox\" class=\"tile-inner modula-item-link\"><\/a><img loading=\"lazy\" decoding=\"async\" class=\"pic wp-image-287\"  data-valign=\"middle\" data-halign=\"center\" alt=\"\" data-full=\"https:\/\/nazarenovalencia.es\/wp-content\/uploads\/2021\/10\/IMG_6151.CR2_.jpg\" title=\"IMG_6151.CR2\" crop=\"\" width=\"300\" height=\"200\" src=\"https:\/\/nazarenovalencia.es\/wp-content\/uploads\/2021\/10\/IMG_6151.CR2_-300x200.jpg\" data-src=\"https:\/\/nazarenovalencia.es\/wp-content\/uploads\/2021\/10\/IMG_6151.CR2_-300x200.jpg\" data-caption=\"\" srcset=\"https:\/\/nazarenovalencia.es\/wp-content\/uploads\/2021\/10\/IMG_6151.CR2_.jpg 1908w, https:\/\/nazarenovalencia.es\/wp-content\/uploads\/2021\/10\/IMG_6151.CR2_-300x200.jpg 300w, https:\/\/nazarenovalencia.es\/wp-content\/uploads\/2021\/10\/IMG_6151.CR2_-1024x683.jpg 1024w, https:\/\/nazarenovalencia.es\/wp-content\/uploads\/2021\/10\/IMG_6151.CR2_-768x512.jpg 768w, https:\/\/nazarenovalencia.es\/wp-content\/uploads\/2021\/10\/IMG_6151.CR2_-1536x1024.jpg 1536w, https:\/\/nazarenovalencia.es\/wp-content\/uploads\/2021\/10\/IMG_6151.CR2_-272x182.jpg 272w\" sizes=\"auto, (max-width: 300px) 100vw, 300px\" \/>\n\t\t<div class=\"figc no-description\">\n\t\t\t<div class=\"figc-inner\">\n\t\t\t\t\t\t\t\t\t\t\t\t\t\t\t<\/div>\n\t\t<\/div>\n\n\t<\/div>\n\n<\/div><div class=\"modula-item effect-pufrobo\" data-width=\"4\" data-height=\"3\" >\n\t<div class=\"modula-item-overlay\"><\/div>\n\n\t<div class=\"modula-item-content\">\n\n\t\t<a data-image-id=\"288\" role=\"button\" tabindex=\"0\" rel=\"jtg-286\" data-caption=\"\" aria-label=\"Open image in lightbox\" class=\"tile-inner modula-item-link\"><\/a><img loading=\"lazy\" decoding=\"async\" class=\"pic wp-image-288\"  data-valign=\"middle\" data-halign=\"center\" alt=\"\" data-full=\"https:\/\/nazarenovalencia.es\/wp-content\/uploads\/2021\/10\/IMG_6439.CR2_.jpg\" title=\"IMG_6439.CR2\" crop=\"\" width=\"300\" height=\"200\" src=\"https:\/\/nazarenovalencia.es\/wp-content\/uploads\/2021\/10\/IMG_6439.CR2_-300x200.jpg\" data-src=\"https:\/\/nazarenovalencia.es\/wp-content\/uploads\/2021\/10\/IMG_6439.CR2_-300x200.jpg\" data-caption=\"\" srcset=\"https:\/\/nazarenovalencia.es\/wp-content\/uploads\/2021\/10\/IMG_6439.CR2_.jpg 1908w, https:\/\/nazarenovalencia.es\/wp-content\/uploads\/2021\/10\/IMG_6439.CR2_-300x200.jpg 300w, https:\/\/nazarenovalencia.es\/wp-content\/uploads\/2021\/10\/IMG_6439.CR2_-1024x683.jpg 1024w, https:\/\/nazarenovalencia.es\/wp-content\/uploads\/2021\/10\/IMG_6439.CR2_-768x512.jpg 768w, https:\/\/nazarenovalencia.es\/wp-content\/uploads\/2021\/10\/IMG_6439.CR2_-1536x1024.jpg 1536w, https:\/\/nazarenovalencia.es\/wp-content\/uploads\/2021\/10\/IMG_6439.CR2_-272x182.jpg 272w\" sizes=\"auto, (max-width: 300px) 100vw, 300px\" \/>\n\t\t<div class=\"figc no-description\">\n\t\t\t<div class=\"figc-inner\">\n\t\t\t\t\t\t\t\t\t\t\t\t\t\t\t<\/div>\n\t\t<\/div>\n\n\t<\/div>\n\n<\/div><div class=\"modula-item effect-pufrobo\" data-width=\"4\" data-height=\"3\" >\n\t<div class=\"modula-item-overlay\"><\/div>\n\n\t<div class=\"modula-item-content\">\n\n\t\t<a data-image-id=\"289\" role=\"button\" tabindex=\"0\" rel=\"jtg-286\" data-caption=\"\" aria-label=\"Open image in lightbox\" class=\"tile-inner modula-item-link\"><\/a><img loading=\"lazy\" decoding=\"async\" class=\"pic wp-image-289\"  data-valign=\"middle\" data-halign=\"center\" alt=\"\" data-full=\"https:\/\/nazarenovalencia.es\/wp-content\/uploads\/2021\/10\/IMG_6519.CR2_.jpg\" title=\"IMG_6519.CR2\" crop=\"\" width=\"300\" height=\"200\" src=\"https:\/\/nazarenovalencia.es\/wp-content\/uploads\/2021\/10\/IMG_6519.CR2_-300x200.jpg\" data-src=\"https:\/\/nazarenovalencia.es\/wp-content\/uploads\/2021\/10\/IMG_6519.CR2_-300x200.jpg\" data-caption=\"\" srcset=\"https:\/\/nazarenovalencia.es\/wp-content\/uploads\/2021\/10\/IMG_6519.CR2_.jpg 1908w, https:\/\/nazarenovalencia.es\/wp-content\/uploads\/2021\/10\/IMG_6519.CR2_-300x200.jpg 300w, https:\/\/nazarenovalencia.es\/wp-content\/uploads\/2021\/10\/IMG_6519.CR2_-1024x683.jpg 1024w, https:\/\/nazarenovalencia.es\/wp-content\/uploads\/2021\/10\/IMG_6519.CR2_-768x512.jpg 768w, https:\/\/nazarenovalencia.es\/wp-content\/uploads\/2021\/10\/IMG_6519.CR2_-1536x1024.jpg 1536w, https:\/\/nazarenovalencia.es\/wp-content\/uploads\/2021\/10\/IMG_6519.CR2_-272x182.jpg 272w\" sizes=\"auto, (max-width: 300px) 100vw, 300px\" \/>\n\t\t<div class=\"figc no-description\">\n\t\t\t<div class=\"figc-inner\">\n\t\t\t\t\t\t\t\t\t\t\t\t\t\t\t<\/div>\n\t\t<\/div>\n\n\t<\/div>\n\n<\/div>\t\t\n\t<\/div>\n\n\t\n\t\n\t<script type=\"application\/ld+json\">\n\t{\n\t\t\"@context\": \"http:\/\/schema.org\",\n\t\t\"@type\"   : \"ImageGallery\",\n\t\t\"id\"      : \"https:\/\/nazarenovalencia.es\/va\/miembros\/\",\n\t\t\"url\"     : \"https:\/\/nazarenovalencia.es\/va\/miembros\/\"\n\t}\n\n\t<\/script>\n\n\t\n<\/div>\n<\/div>\n<hr \/>\n<h1><\/h1>\n<h1 style=\"text-align: center;\"><span style=\"color: #800000;\"><b>Camarera (Clavariesa)<\/b><\/span><\/h1>\n<div>Son las hermanas penitentes cuya misi\u00f3n es acompa\u00f1ar al Paso de Nuestro Padre Jes\u00fas Nazareno en las procesiones del Martes Santo (d\u00eda de la presentaci\u00f3n) y del Viernes Santo (el Entierro).<\/div>\n<div><\/div>\n<div>Su indumentaria procesional deber\u00e1 ser oscura, pudiendo ir con o sin mantilla.<\/div>\n<div><\/div>\n<div><\/div>\n<div>\n<hr \/>\n<\/div>\n<div>\n<h1><\/h1>\n<h1 style=\"text-align: center;\"><span style=\"color: #800000;\"><b>Protectores (Colaborador\/a)<\/b><\/span><\/h1>\n<div>\n<p>Son Hermanos Protectores los que acompa\u00f1an al paso titular de nuestra Hermandad en las procesiones del Martes Santo (d\u00eda de la presentaci\u00f3n)<\/p>\n<div>Su indumentaria procesional ser\u00e1 oscura y siempre con corbata y chaqueta para los hombres, pudiendo ir las mujeres con o sin mantilla.<\/div>\n<\/div>\n<div><\/div>\n<\/div>\n","protected":false},"excerpt":{"rendered":"<p>Penitente adulto \/ Vesta Visten el h\u00e1bito de la Hermandad en las procesiones y dem\u00e1s actos lit\u00fargicos, compuesto de: t\u00fanica de terciopelo morado con ribetes en la bocamanga morados y oro y botones morados, ce\u00f1ida la cintura por un c\u00edngulo de oro y seda morada, capirote o montera de igual material que la t\u00fanica y [&hellip;]<\/p>\n","protected":false},"author":1,"featured_media":0,"parent":0,"menu_order":0,"comment_status":"closed","ping_status":"closed","template":"templates\/template-full-notitle.php","meta":{"footnotes":""},"class_list":["post-267","page","type-page","status-publish","hentry","post"],"yoast_head":"<!-- This site is optimized with the Yoast SEO plugin v27.2 - https:\/\/yoast.com\/product\/yoast-seo-wordpress\/ -->\n<title>Miembros - Real Hermandad de Nuestro Padre Jes\u00fas Nazareno \u00b7 Val\u00e8ncia<\/title>\n<meta name=\"robots\" content=\"index, follow, max-snippet:-1, max-image-preview:large, max-video-preview:-1\" \/>\n<link rel=\"canonical\" href=\"https:\/\/nazarenovalencia.es\/va\/miembros\/\" \/>\n<meta property=\"og:locale\" content=\"en_US\" \/>\n<meta property=\"og:type\" content=\"article\" \/>\n<meta property=\"og:title\" content=\"Miembros - Real Hermandad de Nuestro Padre Jes\u00fas Nazareno \u00b7 Val\u00e8ncia\" \/>\n<meta property=\"og:description\" content=\"Penitente adulto \/ Vesta Visten el h\u00e1bito de la Hermandad en las procesiones y dem\u00e1s actos lit\u00fargicos, compuesto de: t\u00fanica de terciopelo morado con ribetes en la bocamanga morados y oro y botones morados, ce\u00f1ida la cintura por un c\u00edngulo de oro y seda morada, capirote o montera de igual material que la t\u00fanica y [&hellip;]\" \/>\n<meta property=\"og:url\" content=\"https:\/\/nazarenovalencia.es\/va\/miembros\/\" \/>\n<meta property=\"og:site_name\" content=\"Real Hermandad de Nuestro Padre Jes\u00fas Nazareno \u00b7 Val\u00e8ncia\" \/>\n<meta property=\"article:publisher\" content=\"https:\/\/www.facebook.com\/valencia.hermandadnazareno\" \/>\n<meta property=\"article:modified_time\" content=\"2022-01-28T00:25:07+00:00\" \/>\n<meta property=\"og:image\" content=\"https:\/\/www.semanasantamarinera.org\/wp-content\/uploads\/13-vestimenta.png\" \/>\n<meta name=\"twitter:card\" content=\"summary_large_image\" \/>\n<meta name=\"twitter:site\" content=\"@nazarenograo\" \/>\n<meta name=\"twitter:label1\" content=\"Est. reading time\" \/>\n\t<meta name=\"twitter:data1\" content=\"3 minutes\" \/>\n<script type=\"application\/ld+json\" class=\"yoast-schema-graph\">{\"@context\":\"https:\/\/schema.org\",\"@graph\":[{\"@type\":\"WebPage\",\"@id\":\"https:\/\/nazarenovalencia.es\/miembros\/\",\"url\":\"https:\/\/nazarenovalencia.es\/miembros\/\",\"name\":\"Miembros - Real Hermandad de Nuestro Padre Jes\u00fas Nazareno \u00b7 Val\u00e8ncia\",\"isPartOf\":{\"@id\":\"https:\/\/nazarenovalencia.es\/#website\"},\"primaryImageOfPage\":{\"@id\":\"https:\/\/nazarenovalencia.es\/miembros\/#primaryimage\"},\"image\":{\"@id\":\"https:\/\/nazarenovalencia.es\/miembros\/#primaryimage\"},\"thumbnailUrl\":\"https:\/\/www.semanasantamarinera.org\/wp-content\/uploads\/13-vestimenta.png\",\"datePublished\":\"2021-10-05T21:40:49+00:00\",\"dateModified\":\"2022-01-28T00:25:07+00:00\",\"inLanguage\":\"va\",\"potentialAction\":[{\"@type\":\"ReadAction\",\"target\":[\"https:\/\/nazarenovalencia.es\/miembros\/\"]}]},{\"@type\":\"ImageObject\",\"inLanguage\":\"va\",\"@id\":\"https:\/\/nazarenovalencia.es\/miembros\/#primaryimage\",\"url\":\"https:\/\/www.semanasantamarinera.org\/wp-content\/uploads\/13-vestimenta.png\",\"contentUrl\":\"https:\/\/www.semanasantamarinera.org\/wp-content\/uploads\/13-vestimenta.png\"},{\"@type\":\"WebSite\",\"@id\":\"https:\/\/nazarenovalencia.es\/#website\",\"url\":\"https:\/\/nazarenovalencia.es\/\",\"name\":\"Real Hermandad de Nuestro Padre Jes\u00fas Nazareno \u00b7 Val\u00e8ncia\",\"description\":\"Sitio web oficial de la Real Hermandad de Nuestro Padre Jes\u00fas Nazareno. Hermandad perteneciente a la Semana Santa Marinera de Val\u00e8ncia. Parroquia Santa Mar\u00eda del Mar. Grau \u00b7 Poblats Mar\u00edtims\",\"publisher\":{\"@id\":\"https:\/\/nazarenovalencia.es\/#organization\"},\"potentialAction\":[{\"@type\":\"SearchAction\",\"target\":{\"@type\":\"EntryPoint\",\"urlTemplate\":\"https:\/\/nazarenovalencia.es\/?s={search_term_string}\"},\"query-input\":{\"@type\":\"PropertyValueSpecification\",\"valueRequired\":true,\"valueName\":\"search_term_string\"}}],\"inLanguage\":\"va\"},{\"@type\":\"Organization\",\"@id\":\"https:\/\/nazarenovalencia.es\/#organization\",\"name\":\"Real Hermandad de Nuestro Padre Jes\u00fas Nazareno\",\"url\":\"https:\/\/nazarenovalencia.es\/\",\"logo\":{\"@type\":\"ImageObject\",\"inLanguage\":\"va\",\"@id\":\"https:\/\/nazarenovalencia.es\/#\/schema\/logo\/image\/\",\"url\":\"https:\/\/nazarenovalencia.es\/wp-content\/uploads\/2022\/01\/logo-hermandad-sevilla.png\",\"contentUrl\":\"https:\/\/nazarenovalencia.es\/wp-content\/uploads\/2022\/01\/logo-hermandad-sevilla.png\",\"width\":1920,\"height\":1080,\"caption\":\"Real Hermandad de Nuestro Padre Jes\u00fas Nazareno\"},\"image\":{\"@id\":\"https:\/\/nazarenovalencia.es\/#\/schema\/logo\/image\/\"},\"sameAs\":[\"https:\/\/www.facebook.com\/valencia.hermandadnazareno\",\"https:\/\/x.com\/nazarenograo\",\"https:\/\/www.instagram.com\/nazarenovalencia\/\",\"https:\/\/www.youtube.com\/user\/nazarenovalencia\"]}]}<\/script>\n<!-- \/ Yoast SEO plugin. -->","yoast_head_json":{"title":"Miembros - Real Hermandad de Nuestro Padre Jes\u00fas Nazareno \u00b7 Val\u00e8ncia","robots":{"index":"index","follow":"follow","max-snippet":"max-snippet:-1","max-image-preview":"max-image-preview:large","max-video-preview":"max-video-preview:-1"},"canonical":"https:\/\/nazarenovalencia.es\/va\/miembros\/","og_locale":"en_US","og_type":"article","og_title":"Miembros - Real Hermandad de Nuestro Padre Jes\u00fas Nazareno \u00b7 Val\u00e8ncia","og_description":"Penitente adulto \/ Vesta Visten el h\u00e1bito de la Hermandad en las procesiones y dem\u00e1s actos lit\u00fargicos, compuesto de: t\u00fanica de terciopelo morado con ribetes en la bocamanga morados y oro y botones morados, ce\u00f1ida la cintura por un c\u00edngulo de oro y seda morada, capirote o montera de igual material que la t\u00fanica y [&hellip;]","og_url":"https:\/\/nazarenovalencia.es\/va\/miembros\/","og_site_name":"Real Hermandad de Nuestro Padre Jes\u00fas Nazareno \u00b7 Val\u00e8ncia","article_publisher":"https:\/\/www.facebook.com\/valencia.hermandadnazareno","article_modified_time":"2022-01-28T00:25:07+00:00","og_image":[{"url":"https:\/\/www.semanasantamarinera.org\/wp-content\/uploads\/13-vestimenta.png","type":"","width":"","height":""}],"twitter_card":"summary_large_image","twitter_site":"@nazarenograo","twitter_misc":{"Est. reading time":"3 minutes"},"schema":{"@context":"https:\/\/schema.org","@graph":[{"@type":"WebPage","@id":"https:\/\/nazarenovalencia.es\/miembros\/","url":"https:\/\/nazarenovalencia.es\/miembros\/","name":"Miembros - Real Hermandad de Nuestro Padre Jes\u00fas Nazareno \u00b7 Val\u00e8ncia","isPartOf":{"@id":"https:\/\/nazarenovalencia.es\/#website"},"primaryImageOfPage":{"@id":"https:\/\/nazarenovalencia.es\/miembros\/#primaryimage"},"image":{"@id":"https:\/\/nazarenovalencia.es\/miembros\/#primaryimage"},"thumbnailUrl":"https:\/\/www.semanasantamarinera.org\/wp-content\/uploads\/13-vestimenta.png","datePublished":"2021-10-05T21:40:49+00:00","dateModified":"2022-01-28T00:25:07+00:00","inLanguage":"va","potentialAction":[{"@type":"ReadAction","target":["https:\/\/nazarenovalencia.es\/miembros\/"]}]},{"@type":"ImageObject","inLanguage":"va","@id":"https:\/\/nazarenovalencia.es\/miembros\/#primaryimage","url":"https:\/\/www.semanasantamarinera.org\/wp-content\/uploads\/13-vestimenta.png","contentUrl":"https:\/\/www.semanasantamarinera.org\/wp-content\/uploads\/13-vestimenta.png"},{"@type":"WebSite","@id":"https:\/\/nazarenovalencia.es\/#website","url":"https:\/\/nazarenovalencia.es\/","name":"Real Hermandad de Nuestro Padre Jes\u00fas Nazareno \u00b7 Val\u00e8ncia","description":"Sitio web oficial de la Real Hermandad de Nuestro Padre Jes\u00fas Nazareno. Hermandad perteneciente a la Semana Santa Marinera de Val\u00e8ncia. Parroquia Santa Mar\u00eda del Mar. Grau \u00b7 Poblats Mar\u00edtims","publisher":{"@id":"https:\/\/nazarenovalencia.es\/#organization"},"potentialAction":[{"@type":"SearchAction","target":{"@type":"EntryPoint","urlTemplate":"https:\/\/nazarenovalencia.es\/?s={search_term_string}"},"query-input":{"@type":"PropertyValueSpecification","valueRequired":true,"valueName":"search_term_string"}}],"inLanguage":"va"},{"@type":"Organization","@id":"https:\/\/nazarenovalencia.es\/#organization","name":"Real Hermandad de Nuestro Padre Jes\u00fas Nazareno","url":"https:\/\/nazarenovalencia.es\/","logo":{"@type":"ImageObject","inLanguage":"va","@id":"https:\/\/nazarenovalencia.es\/#\/schema\/logo\/image\/","url":"https:\/\/nazarenovalencia.es\/wp-content\/uploads\/2022\/01\/logo-hermandad-sevilla.png","contentUrl":"https:\/\/nazarenovalencia.es\/wp-content\/uploads\/2022\/01\/logo-hermandad-sevilla.png","width":1920,"height":1080,"caption":"Real Hermandad de Nuestro Padre Jes\u00fas Nazareno"},"image":{"@id":"https:\/\/nazarenovalencia.es\/#\/schema\/logo\/image\/"},"sameAs":["https:\/\/www.facebook.com\/valencia.hermandadnazareno","https:\/\/x.com\/nazarenograo","https:\/\/www.instagram.com\/nazarenovalencia\/","https:\/\/www.youtube.com\/user\/nazarenovalencia"]}]}},"_links":{"self":[{"href":"https:\/\/nazarenovalencia.es\/va\/wp-json\/wp\/v2\/pages\/267","targetHints":{"allow":["GET"]}}],"collection":[{"href":"https:\/\/nazarenovalencia.es\/va\/wp-json\/wp\/v2\/pages"}],"about":[{"href":"https:\/\/nazarenovalencia.es\/va\/wp-json\/wp\/v2\/types\/page"}],"author":[{"embeddable":true,"href":"https:\/\/nazarenovalencia.es\/va\/wp-json\/wp\/v2\/users\/1"}],"replies":[{"embeddable":true,"href":"https:\/\/nazarenovalencia.es\/va\/wp-json\/wp\/v2\/comments?post=267"}],"version-history":[{"count":0,"href":"https:\/\/nazarenovalencia.es\/va\/wp-json\/wp\/v2\/pages\/267\/revisions"}],"wp:attachment":[{"href":"https:\/\/nazarenovalencia.es\/va\/wp-json\/wp\/v2\/media?parent=267"}],"curies":[{"name":"wp","href":"https:\/\/api.w.org\/{rel}","templated":true}]}}